{"id":23538,"date":"2025-10-22T12:43:17","date_gmt":"2025-10-22T12:43:17","guid":{"rendered":"https:\/\/lamarr-institute.org\/?post_type=person&#038;p=23538"},"modified":"2025-12-05T11:53:31","modified_gmt":"2025-12-05T11:53:31","slug":"muenz-alina","status":"publish","type":"person","link":"https:\/\/lamarr-institute.org\/de\/person\/muenz-alina\/","title":{"rendered":"M\u00fcnz, Alina"},"content":{"rendered":"\n<p>Alina M\u00fcnz hat im Juli 2025 Ihre Arbeit im PR-Team des Lamarr-Instituts aufgenommen. Gegenw\u00e4rtig studiert sie Politik- und Rechtswissenschaften an der Universit\u00e4t Bonn. Auch neben ihrem Studium interessiert sie sich f\u00fcr Politik und ist selber politisch aktiv. In ihrer Freizeit liest sie gerne B\u00fccher, versucht, ihr Franz\u00f6sisch und Koreanisch aufzubessern und begibt sich gerne auf ausgedehnte Spazierg\u00e4nge.<br>Die Entwicklungen im Bereich der K\u00fcnstlichen Intelligenz sind f\u00fcr eine gro\u00dfe Spanne an gesellschaftlichen Themenfeldern von Relevanz und scheinen zumeist komplex &#8211; ein wesentlicher Grund f\u00fcr sie, ihren Teil zu der entsprechenden Forschung beizutragen.<\/p>\n","protected":false},"featured_media":28753,"template":"","meta":{"_acf_changed":false,"footnotes":""},"role":[169,758],"class_list":["post-23538","person","type-person","status-publish","has-post-thumbnail","hentry","role-redakteure","role-wissenschaftskommunikation"],"acf":[],"publishpress_future_workflow_manual_trigger":{"enabledWorkflows":[]},"_links":{"self":[{"href":"https:\/\/lamarr-institute.org\/de\/wp-json\/wp\/v2\/person\/23538","targetHints":{"allow":["GET"]}}],"collection":[{"href":"https:\/\/lamarr-institute.org\/de\/wp-json\/wp\/v2\/person"}],"about":[{"href":"https:\/\/lamarr-institute.org\/de\/wp-json\/wp\/v2\/types\/person"}],"version-history":[{"count":0,"href":"https:\/\/lamarr-institute.org\/de\/wp-json\/wp\/v2\/person\/23538\/revisions"}],"wp:featuredmedia":[{"embeddable":true,"href":"https:\/\/lamarr-institute.org\/de\/wp-json\/wp\/v2\/media\/28753"}],"wp:attachment":[{"href":"https:\/\/lamarr-institute.org\/de\/wp-json\/wp\/v2\/media?parent=23538"}],"wp:term":[{"taxonomy":"role","embeddable":true,"href":"https:\/\/lamarr-institute.org\/de\/wp-json\/wp\/v2\/role?post=23538"}],"curies":[{"name":"wp","href":"https:\/\/api.w.org\/{rel}","templated":true}]}}